{"id":996,"date":"2020-04-28T11:13:10","date_gmt":"2020-04-28T09:13:10","guid":{"rendered":"http:\/\/olirennt.de\/?page_id=996"},"modified":"2020-06-22T20:25:13","modified_gmt":"2020-06-22T18:25:13","slug":"spendenuebergabe","status":"publish","type":"page","link":"http:\/\/olirennt.de\/?page_id=996","title":{"rendered":"Spenden\u00fcbergabe"},"content":{"rendered":"\n<div class=\"wp-block-columns is-layout-flex wp-container-core-columns-is-layout-9d6595d7 wp-block-columns-is-layout-flex\"><\/div>\n\n\n\n<div class=\"wp-block-columns is-layout-flex wp-container-core-columns-is-layout-9d6595d7 wp-block-columns-is-layout-flex\">\n<div class=\"wp-block-column is-layout-flow wp-block-column-is-layout-flow\">\n<p>22. Juni:<br>Heute gab es mit der \u00dcbergabe von Dankensch\u00f6n-Taschen an die ViDia-Kiniken Karlsruhe einen tollen Abschluss des Hamsterlaufs. Sowohl im Diakonissen- als auch im St. Vicentius-Krankenhaus wurden Taschen verteilt.<br>Damit wurden insgesamt \u00fcber 1.000 Taschen verteilt.<\/p>\n<\/div>\n\n\n\n<div class=\"wp-block-column is-layout-flow wp-block-column-is-layout-flow\">\n<figure class=\"wp-block-image size-medium is-resized\"><img loading=\"lazy\" decoding=\"async\" src=\"http:\/\/olirennt.de\/wp-content\/uploads\/2020\/06\/JWMM2839-300x225.jpg\" alt=\"\" class=\"wp-image-1817\" width=\"225\" height=\"169\" srcset=\"http:\/\/olirennt.de\/wp-content\/uploads\/2020\/06\/JWMM2839-300x225.jpg 300w, http:\/\/olirennt.de\/wp-content\/uploads\/2020\/06\/JWMM2839-1024x768.jpg 1024w, http:\/\/olirennt.de\/wp-content\/uploads\/2020\/06\/JWMM2839-768x576.jpg 768w, http:\/\/olirennt.de\/wp-content\/uploads\/2020\/06\/JWMM2839-1536x1152.jpg 1536w, http:\/\/olirennt.de\/wp-content\/uploads\/2020\/06\/JWMM2839.jpg 1600w\" sizes=\"auto, (max-width: 225px) 100vw, 225px\" \/><\/figure>\n<\/div>\n<\/div>\n\n\n\n<div class=\"wp-block-columns is-layout-flex wp-container-core-columns-is-layout-9d6595d7 wp-block-columns-is-layout-flex\">\n<div class=\"wp-block-column is-layout-flow wp-block-column-is-layout-flow\">\n<p>15. Juni:<br>\u00dcbergabe von gebrannten Mandeln an die Kinderarztpraxis Dr. Schl\u00fcter<\/p>\n<\/div>\n\n\n\n<div class=\"wp-block-column is-layout-flow wp-block-column-is-layout-flow\">\n<figure class=\"wp-block-image size-medium is-resized\"><img loading=\"lazy\" decoding=\"async\" src=\"http:\/\/olirennt.de\/wp-content\/uploads\/2020\/06\/Dr.-Schl\u00fcter-255x300.jpeg\" alt=\"\" class=\"wp-image-1755\" width=\"191\" height=\"225\" srcset=\"http:\/\/olirennt.de\/wp-content\/uploads\/2020\/06\/Dr.-Schl\u00fcter-255x300.jpeg 255w, http:\/\/olirennt.de\/wp-content\/uploads\/2020\/06\/Dr.-Schl\u00fcter-768x902.jpeg 768w, http:\/\/olirennt.de\/wp-content\/uploads\/2020\/06\/Dr.-Schl\u00fcter.jpeg 872w\" sizes=\"auto, (max-width: 191px) 100vw, 191px\" \/><\/figure>\n<\/div>\n<\/div>\n\n\n\n<div class=\"wp-block-columns is-layout-flex wp-container-core-columns-is-layout-9d6595d7 wp-block-columns-is-layout-flex\">\n<div class=\"wp-block-column is-layout-flow wp-block-column-is-layout-flow\">\n<p>10. Juni:<br>\u00dcbergabe von gebrannten Mandeln an die Physiotherapie-Praxis Herrmann.<\/p>\n<\/div>\n\n\n\n<div class=\"wp-block-column is-layout-flow wp-block-column-is-layout-flow\">\n<figure class=\"wp-block-image size-medium is-resized\"><img loading=\"lazy\" decoding=\"async\" src=\"http:\/\/olirennt.de\/wp-content\/uploads\/2020\/06\/IMG_0311-300x225.jpg\" alt=\"\" class=\"wp-image-1740\" width=\"225\" height=\"169\" srcset=\"http:\/\/olirennt.de\/wp-content\/uploads\/2020\/06\/IMG_0311-300x225.jpg 300w, http:\/\/olirennt.de\/wp-content\/uploads\/2020\/06\/IMG_0311-1024x768.jpg 1024w, http:\/\/olirennt.de\/wp-content\/uploads\/2020\/06\/IMG_0311-768x576.jpg 768w, http:\/\/olirennt.de\/wp-content\/uploads\/2020\/06\/IMG_0311-1536x1152.jpg 1536w, http:\/\/olirennt.de\/wp-content\/uploads\/2020\/06\/IMG_0311-2048x1536.jpg 2048w\" sizes=\"auto, (max-width: 225px) 100vw, 225px\" \/><\/figure>\n<\/div>\n<\/div>\n\n\n\n<div class=\"wp-block-columns is-layout-flex wp-container-core-columns-is-layout-9d6595d7 wp-block-columns-is-layout-flex\">\n<div class=\"wp-block-column is-layout-flow wp-block-column-is-layout-flow\">\n<p>10. Juni:<br>\u00dcber 200 Dankesch\u00f6ntaschen gab es heute f\u00fcr Mitarbeiter des St\u00e4dt. Klinikums, die auf Covid-und Intensivstationen sowie den Notaufnahmen t\u00e4tig sind und waren. F\u00fcr mich war dies ein besonderer Termin, da dieser vor der Kindernotaufnahme stattfand mit der ich \u00fcber den DRK-Kindernotarztwagen ja schon seit 15 Jahren verbunden bin.<br><br><a href=\"https:\/\/www.klinikum-karlsruhe.de\/aktuelles\/neuigkeiten\/detailansicht\/2020\/06\/nervennahrung-fuer-das-klinikum-karlsruhe\/\" target=\"_blank\" rel=\"noreferrer noopener\">Pressemitteilung<\/a> des St\u00e4dt. Klinikums<br>Bericht bei <a href=\"https:\/\/meinka.de\/dankeschoentaschen-fuer-corona-mitarbeiter-im-staedtischen-klinikum\/\" target=\"_blank\" rel=\"noreferrer noopener\">meinKA<\/a><\/p>\n<\/div>\n\n\n\n<div class=\"wp-block-column is-layout-flow wp-block-column-is-layout-flow\">\n<figure class=\"wp-block-image size-large is-resized\"><img loading=\"lazy\" decoding=\"async\" src=\"http:\/\/olirennt.de\/wp-content\/uploads\/2020\/06\/IMG_20200610_103652-1024x768.jpg\" alt=\"\" class=\"wp-image-1667\" width=\"512\" height=\"384\" srcset=\"http:\/\/olirennt.de\/wp-content\/uploads\/2020\/06\/IMG_20200610_103652-1024x768.jpg 1024w, http:\/\/olirennt.de\/wp-content\/uploads\/2020\/06\/IMG_20200610_103652-300x225.jpg 300w, http:\/\/olirennt.de\/wp-content\/uploads\/2020\/06\/IMG_20200610_103652-768x576.jpg 768w, http:\/\/olirennt.de\/wp-content\/uploads\/2020\/06\/IMG_20200610_103652-1536x1152.jpg 1536w, http:\/\/olirennt.de\/wp-content\/uploads\/2020\/06\/IMG_20200610_103652-2048x1536.jpg 2048w\" sizes=\"auto, (max-width: 512px) 100vw, 512px\" \/><\/figure>\n<\/div>\n<\/div>\n\n\n\n<div class=\"wp-block-columns is-layout-flex wp-container-core-columns-is-layout-9d6595d7 wp-block-columns-is-layout-flex\">\n<div class=\"wp-block-column is-layout-flow wp-block-column-is-layout-flow\">\n<p>2.\/4. Juni:<br>Nervennahrung f\u00fcr die Mitarbeiter der Santivo mobile Pflege GmbH, der Zahnarztpraxis Dr. Hartmann und der Praxis Dr. H\u00f6flich. Heute gab es gebrannte Mandeln als Dankesch\u00f6n. Diese habe ich vom Schausteller Roland Fetscher bezogen. Auch hier war mir die Zusammenarbeit mit einem Familienbetrieb aus der Region wichtig. Dies hat auch hervorragend geklappt.Die Freude bei den Beschenkten war auch hier gro\u00df.In den n\u00e4chsten Tagen geht es mit weiteren \u00dcbergaben von gebrannten Mandeln und nat\u00fcrlich auch Dankesch\u00f6n-Taschen weiter.<\/p>\n<\/div>\n\n\n\n<div class=\"wp-block-column is-layout-flow wp-block-column-is-layout-flow\">\n<figure class=\"wp-block-gallery columns-2 is-cropped wp-block-gallery-1 is-layout-flex wp-block-gallery-is-layout-flex\"><ul class=\"blocks-gallery-grid\"><li class=\"blocks-gallery-item\"><figure><img loading=\"lazy\" decoding=\"async\" width=\"1024\" height=\"722\" src=\"http:\/\/olirennt.de\/wp-content\/uploads\/2020\/06\/Santivo-1024x722.jpg\" alt=\"\" data-id=\"1587\" data-link=\"http:\/\/olirennt.de\/?attachment_id=1587\" class=\"wp-image-1587\" srcset=\"http:\/\/olirennt.de\/wp-content\/uploads\/2020\/06\/Santivo-1024x722.jpg 1024w, http:\/\/olirennt.de\/wp-content\/uploads\/2020\/06\/Santivo-300x212.jpg 300w, http:\/\/olirennt.de\/wp-content\/uploads\/2020\/06\/Santivo-768x542.jpg 768w, http:\/\/olirennt.de\/wp-content\/uploads\/2020\/06\/Santivo-1536x1084.jpg 1536w, http:\/\/olirennt.de\/wp-content\/uploads\/2020\/06\/Santivo-2048x1445.jpg 2048w\" sizes=\"auto, (max-width: 1024px) 100vw, 1024px\" \/><\/figure><\/li><li class=\"blocks-gallery-item\"><figure><img loading=\"lazy\" decoding=\"async\" width=\"1024\" height=\"768\" src=\"http:\/\/olirennt.de\/wp-content\/uploads\/2020\/06\/mandeln-1024x768.jpg\" alt=\"\" data-id=\"1589\" data-full-url=\"http:\/\/olirennt.de\/wp-content\/uploads\/2020\/06\/mandeln-scaled.jpg\" data-link=\"http:\/\/olirennt.de\/?attachment_id=1589\" class=\"wp-image-1589\" srcset=\"http:\/\/olirennt.de\/wp-content\/uploads\/2020\/06\/mandeln-1024x768.jpg 1024w, http:\/\/olirennt.de\/wp-content\/uploads\/2020\/06\/mandeln-300x225.jpg 300w, http:\/\/olirennt.de\/wp-content\/uploads\/2020\/06\/mandeln-768x576.jpg 768w, http:\/\/olirennt.de\/wp-content\/uploads\/2020\/06\/mandeln-1536x1152.jpg 1536w, http:\/\/olirennt.de\/wp-content\/uploads\/2020\/06\/mandeln-2048x1536.jpg 2048w\" sizes=\"auto, (max-width: 1024px) 100vw, 1024px\" \/><\/figure><\/li><\/ul><\/figure>\n<\/div>\n<\/div>\n\n\n\n<div class=\"wp-block-columns is-layout-flex wp-container-core-columns-is-layout-9d6595d7 wp-block-columns-is-layout-flex\">\n<div class=\"wp-block-column is-layout-flow wp-block-column-is-layout-flow\">\n<p>26. Mai: <br>Heute Spenden\u00fcbergabe beim ASB Karlsruhe. Anbei der Text der ASB-Facebookseite:<br>Taschen vom Spendenl\u00e4ufer mit Nervennahrung Das Projekt \u201eOli rennt\u201c f\u00fcr den Rettungsdienst in Zahlen: 90 Spender aus Karlsruhe und dem Umland unterst\u00fctzten es bisher, 60 Kilometer legte Oliver H\u00f6lzer (Bildmitte) allein f\u00fcr die Karlsruher Rettungsdienste zur\u00fcck. Das reichte f\u00fcr 298 Dankesch\u00f6n-Taschen, 40 davon erhielt jetzt der Rettungsdienst des ASB Karlsruhe mit seiner Rettungswache in Durlach. Wir danken allen Unterst\u00fctzern in der Region und dem Koordinator der Aktion, dem DRK mit seiner Medizinakademie. Details zur Ma\u00dfeinheit \u201eSpendenkilometer\u201c hier: <a rel=\"noreferrer noopener\" href=\"https:\/\/l.facebook.com\/l.php?u=https%3A%2F%2Fwww.asb-ka.de%2Fnews-und-specials%2Fmenschen-spenden-und-beine-laufen%3Ffbclid%3DIwAR2SS9gmOVvVV1LSwGAjdaaymAz50mwSKIzYe7SiJdugDGw59yX8L7RDCmw&amp;h=AT3iK-ynMfhzXA-YN_U2jYlr2CISrGFZYuXXBC6BOtwFwGBn0M33ouCprMfgh-0CUqMqmkxBvateRslRhH3Ws1UzFeLPrxx4ZsylYWDUrUmEyRuESGwwfWixOzNj1ya10OBF&amp;__tn__=-UK-R&amp;c[0]=AT2abTm31ee9MPjTIyABu94fHOfL1rLO_7pExj1WGH4J4QO2qRgU2lCbWWUmN2fFSXOeBQ9icMxM3xIvsWam5C-mNgzbgpKhZktUvqyIFL3N6ICDkkZPTlTxyTz5a5u6oFBccAE-2Ud0zGahVhLF_wOp3VSOPRdLltyPKzLSeu5AR25gArP1PNLMAyXt\" target=\"_blank\">https:\/\/www.asb-ka.de\/news-und-specials\/menschen-spenden-und-beine-laufen<\/a><\/p>\n<\/div>\n\n\n\n<div class=\"wp-block-column is-layout-flow wp-block-column-is-layout-flow\">\n<figure class=\"wp-block-image size-full is-resized\"><img loading=\"lazy\" decoding=\"async\" src=\"http:\/\/olirennt.de\/wp-content\/uploads\/2020\/05\/ASB.jpg\" alt=\"\" class=\"wp-image-1523\" width=\"512\" height=\"341\" srcset=\"http:\/\/olirennt.de\/wp-content\/uploads\/2020\/05\/ASB.jpg 1024w, http:\/\/olirennt.de\/wp-content\/uploads\/2020\/05\/ASB-300x200.jpg 300w, http:\/\/olirennt.de\/wp-content\/uploads\/2020\/05\/ASB-768x512.jpg 768w\" sizes=\"auto, (max-width: 512px) 100vw, 512px\" \/><\/figure>\n<\/div>\n<\/div>\n\n\n\n<div class=\"wp-block-columns is-layout-flex wp-container-core-columns-is-layout-9d6595d7 wp-block-columns-is-layout-flex\">\n<div class=\"wp-block-column is-layout-flow wp-block-column-is-layout-flow\">\n<p>20. Mai 2020:<br>Heute wurde mit ProMedic ein weiterer Rettungsdienst mit Dankesch\u00f6ntaschen \u00fcberrascht. Die Mitarbeiter haben sich sehr gefreut und f\u00fchlten sich auch sehr wertgesch\u00e4tzt.<br>Mit weiteren Rettungsdiensten geht es n\u00e4chste Woche weiter.<\/p>\n<\/div>\n\n\n\n<div class=\"wp-block-column is-layout-flow wp-block-column-is-layout-flow\">\n<figure class=\"wp-block-image size-medium is-resized\"><img loading=\"lazy\" decoding=\"async\" src=\"http:\/\/olirennt.de\/wp-content\/uploads\/2020\/05\/IMG_0831-300x225.jpg\" alt=\"\" class=\"wp-image-1475\" width=\"300\" height=\"225\" srcset=\"http:\/\/olirennt.de\/wp-content\/uploads\/2020\/05\/IMG_0831-300x225.jpg 300w, http:\/\/olirennt.de\/wp-content\/uploads\/2020\/05\/IMG_0831-1024x768.jpg 1024w, http:\/\/olirennt.de\/wp-content\/uploads\/2020\/05\/IMG_0831-768x576.jpg 768w, http:\/\/olirennt.de\/wp-content\/uploads\/2020\/05\/IMG_0831-1536x1152.jpg 1536w, http:\/\/olirennt.de\/wp-content\/uploads\/2020\/05\/IMG_0831-2048x1536.jpg 2048w\" sizes=\"auto, (max-width: 300px) 100vw, 300px\" \/><\/figure>\n\n\n\n<figure class=\"wp-block-image size-medium is-resized\"><img loading=\"lazy\" decoding=\"async\" src=\"http:\/\/olirennt.de\/wp-content\/uploads\/2020\/05\/IMG_0828-300x225.jpg\" alt=\"\" class=\"wp-image-1474\" width=\"300\" height=\"225\" srcset=\"http:\/\/olirennt.de\/wp-content\/uploads\/2020\/05\/IMG_0828-300x225.jpg 300w, http:\/\/olirennt.de\/wp-content\/uploads\/2020\/05\/IMG_0828-768x576.jpg 768w, http:\/\/olirennt.de\/wp-content\/uploads\/2020\/05\/IMG_0828-1536x1152.jpg 1536w, http:\/\/olirennt.de\/wp-content\/uploads\/2020\/05\/IMG_0828-2048x1536.jpg 2048w\" sizes=\"auto, (max-width: 300px) 100vw, 300px\" \/><\/figure>\n<\/div>\n<\/div>\n\n\n\n<div class=\"wp-block-columns is-layout-flex wp-container-core-columns-is-layout-9d6595d7 wp-block-columns-is-layout-flex\">\n<div class=\"wp-block-column is-layout-flow wp-block-column-is-layout-flow\">\n<p>19. Mai 2020:<br>Auch die Mitarbeiter des DRK Rettungsdienstes und der Fl\u00fcchtlingsunterkunft Christian-Griesbach-Haus haben heute die Dankesch\u00f6ntaschen erhalten. Die Freude war nat\u00fcrlich auch dort gro\u00df. Da der DRK den gr\u00f6\u00dften Rettungsdienst in der Region Karlsruhe unterh\u00e4lt, waren das weit \u00fcber 100 Dankesch\u00f6ntaschen. <\/p>\n<\/div>\n\n\n\n<div class=\"wp-block-column is-layout-flow wp-block-column-is-layout-flow\">\n<figure class=\"wp-block-image size-medium is-resized\"><img loading=\"lazy\" decoding=\"async\" src=\"http:\/\/olirennt.de\/wp-content\/uploads\/2020\/05\/IMG_5451-300x160.jpg\" alt=\"\" class=\"wp-image-1428\" width=\"300\" height=\"160\" srcset=\"http:\/\/olirennt.de\/wp-content\/uploads\/2020\/05\/IMG_5451-300x160.jpg 300w, http:\/\/olirennt.de\/wp-content\/uploads\/2020\/05\/IMG_5451-768x410.jpg 768w, http:\/\/olirennt.de\/wp-content\/uploads\/2020\/05\/IMG_5451.jpg 960w\" sizes=\"auto, (max-width: 300px) 100vw, 300px\" \/><\/figure>\n\n\n\n<figure class=\"wp-block-gallery columns-2 is-cropped wp-block-gallery-2 is-layout-flex wp-block-gallery-is-layout-flex\"><ul class=\"blocks-gallery-grid\"><li class=\"blocks-gallery-item\"><figure><img loading=\"lazy\" decoding=\"async\" width=\"150\" height=\"150\" src=\"http:\/\/olirennt.de\/wp-content\/uploads\/2020\/05\/IMG_5453-1-150x150.jpg\" alt=\"\" data-id=\"1451\" data-full-url=\"http:\/\/olirennt.de\/wp-content\/uploads\/2020\/05\/IMG_5453-1.jpg\" data-link=\"http:\/\/olirennt.de\/?attachment_id=1451\" class=\"wp-image-1451\" srcset=\"http:\/\/olirennt.de\/wp-content\/uploads\/2020\/05\/IMG_5453-1-150x150.jpg 150w, http:\/\/olirennt.de\/wp-content\/uploads\/2020\/05\/IMG_5453-1-70x70.jpg 70w, http:\/\/olirennt.de\/wp-content\/uploads\/2020\/05\/IMG_5453-1-246x246.jpg 246w, http:\/\/olirennt.de\/wp-content\/uploads\/2020\/05\/IMG_5453-1-276x276.jpg 276w, http:\/\/olirennt.de\/wp-content\/uploads\/2020\/05\/IMG_5453-1-125x125.jpg 125w\" sizes=\"auto, (max-width: 150px) 100vw, 150px\" \/><\/figure><\/li><li class=\"blocks-gallery-item\"><figure><img loading=\"lazy\" decoding=\"async\" width=\"150\" height=\"150\" src=\"http:\/\/olirennt.de\/wp-content\/uploads\/2020\/05\/IMG_5452-1-150x150.jpg\" alt=\"\" data-id=\"1452\" data-full-url=\"http:\/\/olirennt.de\/wp-content\/uploads\/2020\/05\/IMG_5452-1.jpg\" data-link=\"http:\/\/olirennt.de\/?attachment_id=1452\" class=\"wp-image-1452\" srcset=\"http:\/\/olirennt.de\/wp-content\/uploads\/2020\/05\/IMG_5452-1-150x150.jpg 150w, http:\/\/olirennt.de\/wp-content\/uploads\/2020\/05\/IMG_5452-1-70x70.jpg 70w, http:\/\/olirennt.de\/wp-content\/uploads\/2020\/05\/IMG_5452-1-246x246.jpg 246w, http:\/\/olirennt.de\/wp-content\/uploads\/2020\/05\/IMG_5452-1-276x276.jpg 276w, http:\/\/olirennt.de\/wp-content\/uploads\/2020\/05\/IMG_5452-1-125x125.jpg 125w\" sizes=\"auto, (max-width: 150px) 100vw, 150px\" \/><\/figure><\/li><\/ul><\/figure>\n\n\n\n<div class=\"wp-block-columns is-layout-flex wp-container-core-columns-is-layout-9d6595d7 wp-block-columns-is-layout-flex\">\n<div class=\"wp-block-column is-layout-flow wp-block-column-is-layout-flow\"><\/div>\n\n\n\n<div class=\"wp-block-column is-layout-flow wp-block-column-is-layout-flow\"><\/div>\n<\/div>\n<\/div>\n<\/div>\n\n\n\n<div class=\"wp-block-columns is-layout-flex wp-container-core-columns-is-layout-9d6595d7 wp-block-columns-is-layout-flex\">\n<div class=\"wp-block-column is-layout-flow wp-block-column-is-layout-flow\">\n<p>14. Mai 2020:<br>Heute konnte ich den Mitarbeitern des Pflegeheims in Stutensee-Friedrichstal eine Freude machen. 109 Dankesch\u00f6n-Taschen durfte ich \u00fcberreichen! Die Freude war nat\u00fcrlich riesig. Herzlichen Dank f\u00fcr alle Spenden, die solche Aktionen erm\u00f6glichen. <\/p>\n<\/div>\n\n\n\n<div class=\"wp-block-column is-layout-flow wp-block-column-is-layout-flow\">\n<figure class=\"wp-block-image size-medium is-resized\"><img loading=\"lazy\" decoding=\"async\" src=\"http:\/\/olirennt.de\/wp-content\/uploads\/2020\/05\/TLCW4227-1-300x225.jpg\" alt=\"\" class=\"wp-image-1346\" width=\"300\" height=\"225\" srcset=\"http:\/\/olirennt.de\/wp-content\/uploads\/2020\/05\/TLCW4227-1-300x225.jpg 300w, http:\/\/olirennt.de\/wp-content\/uploads\/2020\/05\/TLCW4227-1-1024x768.jpg 1024w, http:\/\/olirennt.de\/wp-content\/uploads\/2020\/05\/TLCW4227-1-768x576.jpg 768w, http:\/\/olirennt.de\/wp-content\/uploads\/2020\/05\/TLCW4227-1-1536x1152.jpg 1536w, http:\/\/olirennt.de\/wp-content\/uploads\/2020\/05\/TLCW4227-1.jpg 1824w\" sizes=\"auto, (max-width: 300px) 100vw, 300px\" \/><figcaption>O. H\u00f6lzer, Fr. M\u00fcller und Fr. Schaffner vom Pflegeheim<\/figcaption><\/figure>\n<\/div>\n<\/div>\n\n\n\n<div class=\"wp-block-columns is-layout-flex wp-container-core-columns-is-layout-9d6595d7 wp-block-columns-is-layout-flex\">\n<div class=\"wp-block-column is-layout-flow wp-block-column-is-layout-flow\">\n<p>8. Mai 2020:<br>Heute durfte ich dem DRK Ortsverein Bretten eine Spende \u00fcberreichen. Mitglieder des Ortsvereins geh\u00f6rten zu den Freiwilligen im Pflegeheim Bretten-Neibsheim, die w\u00e4hrend der Corona-Krise in der Pflege unterst\u00fctzten. Stellvertretend f\u00fcr diese freiwilligen Helfer haben wir als Dankesch\u00f6n einen Zuschuss zur Finanzierung eines neuen Notfallhilfe-Autos des Ortsvereins gegeben. Der Ortsverein hat anstelle der Dankesch\u00f6n-Taschen um diesen Zuschuss gebeten. Da damit wieder weiteren Menschen geholfen werden kann, bin ich diesem Wunsch nat\u00fcrlich gerne nachgekommen.<\/p>\n<\/div>\n\n\n\n<div class=\"wp-block-column is-layout-flow wp-block-column-is-layout-flow\">\n<figure class=\"wp-block-image size-large\"><img loading=\"lazy\" decoding=\"async\" width=\"578\" height=\"220\" src=\"http:\/\/olirennt.de\/wp-content\/uploads\/2020\/05\/vito.jpg\" alt=\"\" class=\"wp-image-1311\" srcset=\"http:\/\/olirennt.de\/wp-content\/uploads\/2020\/05\/vito.jpg 578w, http:\/\/olirennt.de\/wp-content\/uploads\/2020\/05\/vito-300x114.jpg 300w\" sizes=\"auto, (max-width: 578px) 100vw, 578px\" \/><\/figure>\n<\/div>\n<\/div>\n\n\n\n<div class=\"wp-block-columns is-layout-flex wp-container-core-columns-is-layout-9d6595d7 wp-block-columns-is-layout-flex\">\n<div class=\"wp-block-column is-layout-flow wp-block-column-is-layout-flow\">\n<p>5. Mai 2020:<br>Heute haben wir \u00fcber 100 Dankesch\u00f6ntaschen an die Mitarbeiter des Pflegeheims Sch\u00f6nblick in Bretten-Neibsheim verteilt. Das Pflegeheim hatte es in letzter Zeit alles andere als einfach. Die Freude der Mitarbeiter war \u00fcberw\u00e4ltigend. Bei der \u00dcbergabe gab es Unterst\u00fctzung vom DRK Ortsverein Bretten. Herzlichen Dank daf\u00fcr.<br>Das motiviert mich nat\u00fcrlich sehr. Ich hoffe auch weitere Spender damit ich weiter rennen kann.<\/p>\n<\/div>\n\n\n\n<div class=\"wp-block-column is-layout-flow wp-block-column-is-layout-flow\">\n<figure class=\"wp-block-image size-medium is-resized\"><img loading=\"lazy\" decoding=\"async\" src=\"http:\/\/olirennt.de\/wp-content\/uploads\/2020\/05\/Bretten_Sch\u00f6nblick-300x225.jpeg\" alt=\"\" class=\"wp-image-1261\" width=\"225\" height=\"169\" srcset=\"http:\/\/olirennt.de\/wp-content\/uploads\/2020\/05\/Bretten_Sch\u00f6nblick-300x225.jpeg 300w, http:\/\/olirennt.de\/wp-content\/uploads\/2020\/05\/Bretten_Sch\u00f6nblick-768x576.jpeg 768w, http:\/\/olirennt.de\/wp-content\/uploads\/2020\/05\/Bretten_Sch\u00f6nblick.jpeg 1024w\" sizes=\"auto, (max-width: 225px) 100vw, 225px\" \/><figcaption>Fr Kosel (Pflegeheim Sch\u00f6nblick); Hr. Spohner (DRK Ortsverein Bretten)<\/figcaption><\/figure>\n<\/div>\n<\/div>\n\n\n\n<div class=\"wp-block-columns is-layout-flex wp-container-core-columns-is-layout-9d6595d7 wp-block-columns-is-layout-flex\">\n<div class=\"wp-block-column is-layout-flow wp-block-column-is-layout-flow\">\n<p>28. April 2020:<br>Heute war es mir eine besondere Freude, dass ich die erste Nervennahrungstaschen gemeinsam mit dem &#8222;Party-F\u00e4cher&#8220; \u00fcbergeben durfte. Und zwar an zwei Pflegeheime, das Kretschmar-Huber Haus in Hagsfeld und das Seniorenzentrum Stutensee in Blankenloch.<br>Gerade f\u00fcr die Mitarbeiter in Pflegeheimen ist die aktuelle Situation nicht einfach.<br>Die Mitarbeiter haben sich sehr dar\u00fcber gefreut, die Geste des Dankes kam dort besonders gut an.<br>Weitere Spenden\u00fcbergaben folgen.<\/p>\n<\/div>\n\n\n\n<div class=\"wp-block-column is-layout-flow wp-block-column-is-layout-flow\">\n<figure class=\"wp-block-image size-medium is-resized\"><img loading=\"lazy\" decoding=\"async\" src=\"http:\/\/olirennt.de\/wp-content\/uploads\/2020\/04\/Aufkleber-300x300.jpg\" alt=\"\" class=\"wp-image-1021\" width=\"225\" height=\"225\" srcset=\"http:\/\/olirennt.de\/wp-content\/uploads\/2020\/04\/Aufkleber-300x300.jpg 300w, http:\/\/olirennt.de\/wp-content\/uploads\/2020\/04\/Aufkleber-150x150.jpg 150w, http:\/\/olirennt.de\/wp-content\/uploads\/2020\/04\/Aufkleber-70x70.jpg 70w, http:\/\/olirennt.de\/wp-content\/uploads\/2020\/04\/Aufkleber-246x246.jpg 246w, http:\/\/olirennt.de\/wp-content\/uploads\/2020\/04\/Aufkleber-276x276.jpg 276w, http:\/\/olirennt.de\/wp-content\/uploads\/2020\/04\/Aufkleber-125x125.jpg 125w, http:\/\/olirennt.de\/wp-content\/uploads\/2020\/04\/Aufkleber.jpg 508w\" sizes=\"auto, (max-width: 225px) 100vw, 225px\" \/><\/figure>\n<\/div>\n<\/div>\n\n\n\n<figure class=\"wp-block-gallery columns-4 is-cropped wp-block-gallery-3 is-layout-flex wp-block-gallery-is-layout-flex\"><ul class=\"blocks-gallery-grid\"><li class=\"blocks-gallery-item\"><figure><img loading=\"lazy\" decoding=\"async\" width=\"768\" height=\"1024\" src=\"http:\/\/olirennt.de\/wp-content\/uploads\/2020\/04\/IMG_5249-768x1024.jpg\" alt=\"\" data-id=\"997\" data-link=\"http:\/\/olirennt.de\/?attachment_id=997\" class=\"wp-image-997\" srcset=\"http:\/\/olirennt.de\/wp-content\/uploads\/2020\/04\/IMG_5249-768x1024.jpg 768w, http:\/\/olirennt.de\/wp-content\/uploads\/2020\/04\/IMG_5249-225x300.jpg 225w, http:\/\/olirennt.de\/wp-content\/uploads\/2020\/04\/IMG_5249-1152x1536.jpg 1152w, http:\/\/olirennt.de\/wp-content\/uploads\/2020\/04\/IMG_5249-1536x2048.jpg 1536w, http:\/\/olirennt.de\/wp-content\/uploads\/2020\/04\/IMG_5249-scaled.jpg 1920w\" sizes=\"auto, (max-width: 768px) 100vw, 768px\" \/><\/figure><\/li><li class=\"blocks-gallery-item\"><figure><img loading=\"lazy\" decoding=\"async\" width=\"768\" height=\"1024\" src=\"http:\/\/olirennt.de\/wp-content\/uploads\/2020\/04\/IMG_5251-768x1024.jpg\" alt=\"\" data-id=\"998\" data-link=\"http:\/\/olirennt.de\/?attachment_id=998\" class=\"wp-image-998\" srcset=\"http:\/\/olirennt.de\/wp-content\/uploads\/2020\/04\/IMG_5251-768x1024.jpg 768w, http:\/\/olirennt.de\/wp-content\/uploads\/2020\/04\/IMG_5251-225x300.jpg 225w, http:\/\/olirennt.de\/wp-content\/uploads\/2020\/04\/IMG_5251-1152x1536.jpg 1152w, http:\/\/olirennt.de\/wp-content\/uploads\/2020\/04\/IMG_5251-1536x2048.jpg 1536w, http:\/\/olirennt.de\/wp-content\/uploads\/2020\/04\/IMG_5251-scaled.jpg 1920w\" sizes=\"auto, (max-width: 768px) 100vw, 768px\" \/><\/figure><\/li><li class=\"blocks-gallery-item\"><figure><img loading=\"lazy\" decoding=\"async\" width=\"768\" height=\"1024\" src=\"http:\/\/olirennt.de\/wp-content\/uploads\/2020\/04\/IMG_5252-768x1024.jpg\" alt=\"\" data-id=\"999\" data-link=\"http:\/\/olirennt.de\/?attachment_id=999\" class=\"wp-image-999\" srcset=\"http:\/\/olirennt.de\/wp-content\/uploads\/2020\/04\/IMG_5252-768x1024.jpg 768w, http:\/\/olirennt.de\/wp-content\/uploads\/2020\/04\/IMG_5252-225x300.jpg 225w, http:\/\/olirennt.de\/wp-content\/uploads\/2020\/04\/IMG_5252-1152x1536.jpg 1152w, http:\/\/olirennt.de\/wp-content\/uploads\/2020\/04\/IMG_5252-1536x2048.jpg 1536w, http:\/\/olirennt.de\/wp-content\/uploads\/2020\/04\/IMG_5252-scaled.jpg 1920w\" sizes=\"auto, (max-width: 768px) 100vw, 768px\" \/><\/figure><\/li><li class=\"blocks-gallery-item\"><figure><img loading=\"lazy\" decoding=\"async\" width=\"623\" height=\"1024\" src=\"http:\/\/olirennt.de\/wp-content\/uploads\/2020\/04\/\u00fcbergabe_Blankenloch-623x1024.png\" alt=\"\" data-id=\"1001\" data-link=\"http:\/\/olirennt.de\/?attachment_id=1001\" class=\"wp-image-1001\" srcset=\"http:\/\/olirennt.de\/wp-content\/uploads\/2020\/04\/\u00fcbergabe_Blankenloch-623x1024.png 623w, http:\/\/olirennt.de\/wp-content\/uploads\/2020\/04\/\u00fcbergabe_Blankenloch-183x300.png 183w, http:\/\/olirennt.de\/wp-content\/uploads\/2020\/04\/\u00fcbergabe_Blankenloch-768x1261.png 768w, http:\/\/olirennt.de\/wp-content\/uploads\/2020\/04\/\u00fcbergabe_Blankenloch-935x1536.png 935w, http:\/\/olirennt.de\/wp-content\/uploads\/2020\/04\/\u00fcbergabe_Blankenloch-1247x2048.png 1247w\" sizes=\"auto, (max-width: 623px) 100vw, 623px\" \/><figcaption class=\"blocks-gallery-item__caption\">Oliver H\u00f6lzer<\/figcaption><\/figure><\/li><\/ul><\/figure>\n\n\n\n<figure class=\"wp-block-gallery columns-3 is-cropped wp-block-gallery-4 is-layout-flex wp-block-gallery-is-layout-flex\"><ul class=\"blocks-gallery-grid\"><li class=\"blocks-gallery-item\"><figure><img loading=\"lazy\" decoding=\"async\" width=\"1024\" height=\"768\" src=\"http:\/\/olirennt.de\/wp-content\/uploads\/2020\/04\/IMG_5255-1024x768.jpg\" alt=\"\" data-id=\"1003\" data-full-url=\"http:\/\/olirennt.de\/wp-content\/uploads\/2020\/04\/IMG_5255-scaled.jpg\" data-link=\"http:\/\/olirennt.de\/?attachment_id=1003\" class=\"wp-image-1003\" srcset=\"http:\/\/olirennt.de\/wp-content\/uploads\/2020\/04\/IMG_5255-1024x768.jpg 1024w, http:\/\/olirennt.de\/wp-content\/uploads\/2020\/04\/IMG_5255-300x225.jpg 300w, http:\/\/olirennt.de\/wp-content\/uploads\/2020\/04\/IMG_5255-768x576.jpg 768w, http:\/\/olirennt.de\/wp-content\/uploads\/2020\/04\/IMG_5255-1536x1152.jpg 1536w, http:\/\/olirennt.de\/wp-content\/uploads\/2020\/04\/IMG_5255-2048x1536.jpg 2048w\" sizes=\"auto, (max-width: 1024px) 100vw, 1024px\" \/><\/figure><\/li><li class=\"blocks-gallery-item\"><figure><img loading=\"lazy\" decoding=\"async\" width=\"1024\" height=\"768\" src=\"http:\/\/olirennt.de\/wp-content\/uploads\/2020\/04\/IMG_5258-1024x768.jpg\" alt=\"\" data-id=\"1000\" data-full-url=\"http:\/\/olirennt.de\/wp-content\/uploads\/2020\/04\/IMG_5258-scaled.jpg\" data-link=\"http:\/\/olirennt.de\/?attachment_id=1000\" class=\"wp-image-1000\" srcset=\"http:\/\/olirennt.de\/wp-content\/uploads\/2020\/04\/IMG_5258-1024x768.jpg 1024w, http:\/\/olirennt.de\/wp-content\/uploads\/2020\/04\/IMG_5258-300x225.jpg 300w, http:\/\/olirennt.de\/wp-content\/uploads\/2020\/04\/IMG_5258-768x576.jpg 768w, http:\/\/olirennt.de\/wp-content\/uploads\/2020\/04\/IMG_5258-1536x1152.jpg 1536w, http:\/\/olirennt.de\/wp-content\/uploads\/2020\/04\/IMG_5258-2048x1536.jpg 2048w\" sizes=\"auto, (max-width: 1024px) 100vw, 1024px\" \/><\/figure><\/li><li class=\"blocks-gallery-item\"><figure><img loading=\"lazy\" decoding=\"async\" width=\"1024\" height=\"768\" src=\"http:\/\/olirennt.de\/wp-content\/uploads\/2020\/04\/20200428_094840-1024x768.jpg\" alt=\"\" data-id=\"1009\" data-full-url=\"http:\/\/olirennt.de\/wp-content\/uploads\/2020\/04\/20200428_094840-scaled.jpg\" data-link=\"http:\/\/olirennt.de\/?attachment_id=1009\" class=\"wp-image-1009\" srcset=\"http:\/\/olirennt.de\/wp-content\/uploads\/2020\/04\/20200428_094840-1024x768.jpg 1024w, http:\/\/olirennt.de\/wp-content\/uploads\/2020\/04\/20200428_094840-300x225.jpg 300w, http:\/\/olirennt.de\/wp-content\/uploads\/2020\/04\/20200428_094840-768x576.jpg 768w, http:\/\/olirennt.de\/wp-content\/uploads\/2020\/04\/20200428_094840-1536x1152.jpg 1536w, http:\/\/olirennt.de\/wp-content\/uploads\/2020\/04\/20200428_094840-2048x1536.jpg 2048w\" sizes=\"auto, (max-width: 1024px) 100vw, 1024px\" \/><\/figure><\/li><\/ul><\/figure>\n\n\n\n<div class=\"wp-block-columns is-layout-flex wp-container-core-columns-is-layout-9d6595d7 wp-block-columns-is-layout-flex\">\n<div class=\"wp-block-column is-layout-flow wp-block-column-is-layout-flow\"><\/div>\n\n\n\n<div class=\"wp-block-column is-layout-flow wp-block-column-is-layout-flow\"><\/div>\n<\/div>\n","protected":false},"excerpt":{"rendered":"<p>22. Juni:Heute gab es mit der \u00dcbergabe von Dankensch\u00f6n-Taschen an die ViDia-Kiniken Karlsruhe einen tollen Abschluss des Hamsterlaufs. Sowohl im &hellip; <\/p>\n","protected":false},"author":1,"featured_media":0,"parent":0,"menu_order":0,"comment_status":"closed","ping_status":"closed","template":"","meta":{"give_campaign_id":0,"_price":"","_stock":"","_tribe_ticket_header":"","_tribe_default_ticket_provider":"","_tribe_ticket_capacity":"0","_ticket_start_date":"","_ticket_end_date":"","_tribe_ticket_show_description":"","_tribe_ticket_show_not_going":false,"_tribe_ticket_use_global_stock":"","_tribe_ticket_global_stock_level":"","_global_stock_mode":"","_global_stock_cap":"","_tribe_rsvp_for_event":"","_tribe_ticket_going_count":"","_tribe_ticket_not_going_count":"","_tribe_tickets_list":"[]","_tribe_ticket_has_attendee_info_fields":false,"footnotes":"","_tec_slr_enabled":"","_tec_slr_layout":""},"class_list":["post-996","page","type-page","status-publish","hentry"],"campaignId":"","ticketed":false,"_links":{"self":[{"href":"http:\/\/olirennt.de\/index.php?rest_route=\/wp\/v2\/pages\/996","targetHints":{"allow":["GET"]}}],"collection":[{"href":"http:\/\/olirennt.de\/index.php?rest_route=\/wp\/v2\/pages"}],"about":[{"href":"http:\/\/olirennt.de\/index.php?rest_route=\/wp\/v2\/types\/page"}],"author":[{"embeddable":true,"href":"http:\/\/olirennt.de\/index.php?rest_route=\/wp\/v2\/users\/1"}],"replies":[{"embeddable":true,"href":"http:\/\/olirennt.de\/index.php?rest_route=%2Fwp%2Fv2%2Fcomments&post=996"}],"version-history":[{"count":70,"href":"http:\/\/olirennt.de\/index.php?rest_route=\/wp\/v2\/pages\/996\/revisions"}],"predecessor-version":[{"id":1818,"href":"http:\/\/olirennt.de\/index.php?rest_route=\/wp\/v2\/pages\/996\/revisions\/1818"}],"wp:attachment":[{"href":"http:\/\/olirennt.de\/index.php?rest_route=%2Fwp%2Fv2%2Fmedia&parent=996"}],"curies":[{"name":"wp","href":"https:\/\/api.w.org\/{rel}","templated":true}]}}